{"id":383,"date":"2023-01-31T18:03:33","date_gmt":"2023-01-31T17:03:33","guid":{"rendered":"http:\/\/ade-electromenager.fr\/site\/?page_id=383"},"modified":"2023-01-31T19:12:35","modified_gmt":"2023-01-31T18:12:35","slug":"vente-appareils-electromenager-occasion-reconditionne","status":"publish","type":"page","link":"https:\/\/ade-electromenager.fr\/site\/vente-appareils-electromenager-occasion-reconditionne\/","title":{"rendered":"Vente d&rsquo;appareils \u00e9lectrom\u00e9nager d&rsquo;occasion"},"content":{"rendered":"\n<div class=\"wp-block-cover aligncenter is-light\" style=\"min-height:400px;aspect-ratio:unset;\"><span aria-hidden=\"true\" class=\"wp-block-cover__background has-background-dim-0 has-background-dim\"><\/span><img decoding=\"async\" width=\"1920\" height=\"650\" class=\"wp-block-cover__image-background wp-image-24\" alt=\"\" src=\"https:\/\/ade-electromenager.fr\/site\/wp-content\/uploads\/2020\/06\/depaneur-lave-linge-ade.jpg\" style=\"object-position:100% 0%\" data-object-fit=\"cover\" data-object-position=\"100% 0%\" srcset=\"https:\/\/ade-electromenager.fr\/site\/wp-content\/uploads\/2020\/06\/depaneur-lave-linge-ade-200x68.jpg 200w, https:\/\/ade-electromenager.fr\/site\/wp-content\/uploads\/2020\/06\/depaneur-lave-linge-ade-300x102.jpg 300w, https:\/\/ade-electromenager.fr\/site\/wp-content\/uploads\/2020\/06\/depaneur-lave-linge-ade-400x135.jpg 400w, https:\/\/ade-electromenager.fr\/site\/wp-content\/uploads\/2020\/06\/depaneur-lave-linge-ade-600x203.jpg 600w, https:\/\/ade-electromenager.fr\/site\/wp-content\/uploads\/2020\/06\/depaneur-lave-linge-ade-768x260.jpg 768w, https:\/\/ade-electromenager.fr\/site\/wp-content\/uploads\/2020\/06\/depaneur-lave-linge-ade-800x271.jpg 800w, https:\/\/ade-electromenager.fr\/site\/wp-content\/uploads\/2020\/06\/depaneur-lave-linge-ade-1024x347.jpg 1024w, https:\/\/ade-electromenager.fr\/site\/wp-content\/uploads\/2020\/06\/depaneur-lave-linge-ade-1200x406.jpg 1200w, https:\/\/ade-electromenager.fr\/site\/wp-content\/uploads\/2020\/06\/depaneur-lave-linge-ade-1536x520.jpg 1536w, https:\/\/ade-electromenager.fr\/site\/wp-content\/uploads\/2020\/06\/depaneur-lave-linge-ade.jpg 1920w\" sizes=\"(max-width: 1920px) 100vw, 1920px\" \/><div class=\"wp-block-cover__inner-container is-layout-flow wp-block-cover-is-layout-flow\">\n<div class=\"wp-block-group\"><div class=\"wp-block-group__inner-container is-layout-flow wp-block-group-is-layout-flow\">\n<h2 class=\"has-text-align-left panne has-text-color wp-block-heading\" style=\"color:#162987\">VOUS CHERCHEZ UN APPAREIL D&rsquo;OCCASION OU RECONDITIONNE<\/h2>\n\n\n\n<p class=\"has-text-align-left panne has-text-color has-medium-font-size\" style=\"color:#162987\">Marc de ADE (49) vous aide et vous conseille en trouvant<br><strong>l&rsquo;appareil id\u00e9al et \u00e0 votre budget.<\/strong><\/p>\n\n\n\n<p class=\"has-text-align-left panne has-text-color has-medium-font-size\" style=\"color:#162987\"><strong>Votre conseiller vous rappelle sous 24h \u00e0 48h<\/strong><\/p>\n<\/div><\/div>\n\n\n\n<div class=\"wp-block-buttons is-layout-flex wp-block-buttons-is-layout-flex\">\n<div class=\"wp-block-button bouton panne\"><a class=\"wp-block-button__link has-text-color has-background wp-element-button\" href=\"https:\/\/ade-electromenager.fr\/site\/contact-depanneur-electromenager\/\" style=\"border-radius:46px;color:#fec91c;background-color:#162987\"><img decoding=\"async\" width=\"30\" height=\"21\" class=\"wp-image-37\" style=\"width: 30px;\" src=\"https:\/\/ade-electromenager.fr\/site\/wp-content\/uploads\/2020\/06\/contact-depaneur-electromenager-angers.png\" alt=\"contact-depaneur-electromenager-angers.png\" srcset=\"https:\/\/ade-electromenager.fr\/site\/wp-content\/uploads\/2020\/06\/contact-depaneur-electromenager-angers-200x139.png 200w, https:\/\/ade-electromenager.fr\/site\/wp-content\/uploads\/2020\/06\/contact-depaneur-electromenager-angers-300x209.png 300w, https:\/\/ade-electromenager.fr\/site\/wp-content\/uploads\/2020\/06\/contact-depaneur-electromenager-angers-400x279.png 400w, https:\/\/ade-electromenager.fr\/site\/wp-content\/uploads\/2020\/06\/contact-depaneur-electromenager-angers-600x418.png 600w, https:\/\/ade-electromenager.fr\/site\/wp-content\/uploads\/2020\/06\/contact-depaneur-electromenager-angers-768x535.png 768w, https:\/\/ade-electromenager.fr\/site\/wp-content\/uploads\/2020\/06\/contact-depaneur-electromenager-angers-800x558.png 800w, https:\/\/ade-electromenager.fr\/site\/wp-content\/uploads\/2020\/06\/contact-depaneur-electromenager-angers.png 839w\" sizes=\"(max-width: 30px) 100vw, 30px\" \/> Contactez-moi<\/a><\/div>\n<\/div>\n\n\n\n<p><\/p>\n<\/div><\/div>\n\n\n\n<p><\/p>\n\n\n\n<div class=\"wp-block-columns is-layout-flex wp-container-core-columns-is-layout-9d6595d7 wp-block-columns-is-layout-flex\">\n<div class=\"wp-block-column is-layout-flow wp-block-column-is-layout-flow\">\n<pre class=\"wp-block-code vide\"><code><\/code><\/pre>\n<\/div>\n\n\n\n<div class=\"wp-block-column is-layout-flow wp-block-column-is-layout-flow\">\n<h2 class=\"has-text-align-center titrejaune titreservice wp-block-heading\" id=\"services\">VENTE D&rsquo;APPAREILS ELECTROMENAGER D&rsquo;OCCASIONS<\/h2>\n<\/div>\n\n\n\n<div class=\"wp-block-column is-layout-flow wp-block-column-is-layout-flow\"><\/div>\n<\/div>\n\n\n\n<div class=\"wp-block-group depannage colonnejaune has-background\" style=\"background-color:#fec91c\"><div class=\"wp-block-group__inner-container is-layout-flow wp-block-group-is-layout-flow\">\n<div class=\"wp-block-group fondblanc has-background\" style=\"background-color:#ffffff\"><div class=\"wp-block-group__inner-container is-layout-flow wp-block-group-is-layout-flow\">\n<h3 class=\"has-text-align-center wp-block-heading\">Vente d&rsquo;appareil \u00e9lectrom\u00e9nager sur Brissac Loire Aubance (49)<\/h3>\n\n\n\n<p>Depuis 2022, A.D.E, vous propose tout type d\u2019appareils d\u2019\u00e9lectrom\u00e9nager \u00e0 vente. Des appareils d\u2019occasion et reconditionn\u00e9 v\u00e9rifi\u00e9s et garanties. Gr\u00e2ce \u00e0 son savoir-faire, et son expertise, Marc d\u2019A.D.E vous garantit ses appareils pour une dur\u00e9e de 6 mois.<\/p>\n\n\n\n<p>Vous trouverez dans sa boutique :<\/p>\n\n\n\n<h3 class=\"has-text-align-center wp-block-heading\">LAVE-VAISSELLE &#8211; LAVE-LINGE &#8211; S\u00c8CHE-LINGE &#8211; FOUR &#8211; R\u00c9FRIG\u00c9RATEUR &#8211; CUISINI\u00c8RE &#8211; PLAQUE DE CUISSON<\/h3>\n<\/div><\/div>\n\n\n\n<h3 class=\"has-text-align-center wp-block-heading\">Type d&rsquo;appareils \u00e9lectrom\u00e9nager d&rsquo;occasion<strong> (liste non contractuelle)<\/strong><\/h3>\n\n\n\n<div class=\"wp-block-columns pictos is-layout-flex wp-container-core-columns-is-layout-9d6595d7 wp-block-columns-is-layout-flex\">\n<div class=\"wp-block-column picto is-layout-flow wp-block-column-is-layout-flow\" style=\"flex-basis:40%\">\n<div class=\"wp-block-group\"><div class=\"wp-block-group__inner-container is-layout-flow wp-block-group-is-layout-flow\">\n<div class=\"wp-block-group\"><div class=\"wp-block-group__inner-container is-layout-flow wp-block-group-is-layout-flow\">\n<div class=\"wp-block-group\"><div class=\"wp-block-group__inner-container is-layout-flow wp-block-group-is-layout-flow\">\n<div class=\"wp-block-group\"><div class=\"wp-block-group__inner-container is-layout-flow wp-block-group-is-layout-flow\"><div class=\"wp-block-image\">\n<figure class=\"aligncenter size-large is-resized\"><img decoding=\"async\" src=\"https:\/\/ade-electromenager.fr\/site\/wp-content\/uploads\/2023\/01\/LAVE-VAISSELLE-MIELE-1024x1024.jpg\" alt=\"\" class=\"wp-image-447\" width=\"277\" height=\"277\" srcset=\"https:\/\/ade-electromenager.fr\/site\/wp-content\/uploads\/2023\/01\/LAVE-VAISSELLE-MIELE-66x66.jpg 66w, https:\/\/ade-electromenager.fr\/site\/wp-content\/uploads\/2023\/01\/LAVE-VAISSELLE-MIELE-150x150.jpg 150w, https:\/\/ade-electromenager.fr\/site\/wp-content\/uploads\/2023\/01\/LAVE-VAISSELLE-MIELE-200x200.jpg 200w, https:\/\/ade-electromenager.fr\/site\/wp-content\/uploads\/2023\/01\/LAVE-VAISSELLE-MIELE-300x300.jpg 300w, https:\/\/ade-electromenager.fr\/site\/wp-content\/uploads\/2023\/01\/LAVE-VAISSELLE-MIELE-400x400.jpg 400w, https:\/\/ade-electromenager.fr\/site\/wp-content\/uploads\/2023\/01\/LAVE-VAISSELLE-MIELE-600x600.jpg 600w, https:\/\/ade-electromenager.fr\/site\/wp-content\/uploads\/2023\/01\/LAVE-VAISSELLE-MIELE-768x768.jpg 768w, https:\/\/ade-electromenager.fr\/site\/wp-content\/uploads\/2023\/01\/LAVE-VAISSELLE-MIELE-800x800.jpg 800w, https:\/\/ade-electromenager.fr\/site\/wp-content\/uploads\/2023\/01\/LAVE-VAISSELLE-MIELE-1024x1024.jpg 1024w, https:\/\/ade-electromenager.fr\/site\/wp-content\/uploads\/2023\/01\/LAVE-VAISSELLE-MIELE-1200x1200.jpg 1200w, https:\/\/ade-electromenager.fr\/site\/wp-content\/uploads\/2023\/01\/LAVE-VAISSELLE-MIELE-1536x1536.jpg 1536w\" sizes=\"(max-width: 277px) 100vw, 277px\" \/><\/figure>\n<\/div>\n\n\n<p class=\"has-text-align-center has-text-color\" style=\"color:#162987\"><strong>LAVE VAISSELLE MIELE<\/strong><\/p>\n<\/div><\/div>\n<\/div><\/div>\n<\/div><\/div>\n<\/div><\/div>\n\n\n\n<p><\/p>\n<\/div>\n\n\n\n<div class=\"wp-block-column is-layout-flow wp-block-column-is-layout-flow\" style=\"flex-basis:40%\">\n<div class=\"wp-block-group\"><div class=\"wp-block-group__inner-container is-layout-flow wp-block-group-is-layout-flow\">\n<div class=\"wp-block-group\"><div class=\"wp-block-group__inner-container is-layout-flow wp-block-group-is-layout-flow\"><div class=\"wp-block-image\">\n<figure class=\"aligncenter size-large is-resized\"><img decoding=\"async\" src=\"https:\/\/ade-electromenager.fr\/site\/wp-content\/uploads\/2023\/01\/LAVE-LINGE-PROLINE-2-1024x1024.jpg\" alt=\"\" class=\"wp-image-448\" width=\"277\" height=\"277\" srcset=\"https:\/\/ade-electromenager.fr\/site\/wp-content\/uploads\/2023\/01\/LAVE-LINGE-PROLINE-2-66x66.jpg 66w, https:\/\/ade-electromenager.fr\/site\/wp-content\/uploads\/2023\/01\/LAVE-LINGE-PROLINE-2-150x150.jpg 150w, https:\/\/ade-electromenager.fr\/site\/wp-content\/uploads\/2023\/01\/LAVE-LINGE-PROLINE-2-200x200.jpg 200w, https:\/\/ade-electromenager.fr\/site\/wp-content\/uploads\/2023\/01\/LAVE-LINGE-PROLINE-2-300x300.jpg 300w, https:\/\/ade-electromenager.fr\/site\/wp-content\/uploads\/2023\/01\/LAVE-LINGE-PROLINE-2-400x400.jpg 400w, https:\/\/ade-electromenager.fr\/site\/wp-content\/uploads\/2023\/01\/LAVE-LINGE-PROLINE-2-600x600.jpg 600w, https:\/\/ade-electromenager.fr\/site\/wp-content\/uploads\/2023\/01\/LAVE-LINGE-PROLINE-2-768x768.jpg 768w, https:\/\/ade-electromenager.fr\/site\/wp-content\/uploads\/2023\/01\/LAVE-LINGE-PROLINE-2-800x800.jpg 800w, https:\/\/ade-electromenager.fr\/site\/wp-content\/uploads\/2023\/01\/LAVE-LINGE-PROLINE-2-1024x1024.jpg 1024w, https:\/\/ade-electromenager.fr\/site\/wp-content\/uploads\/2023\/01\/LAVE-LINGE-PROLINE-2-1200x1200.jpg 1200w, https:\/\/ade-electromenager.fr\/site\/wp-content\/uploads\/2023\/01\/LAVE-LINGE-PROLINE-2-1536x1536.jpg 1536w\" sizes=\"(max-width: 277px) 100vw, 277px\" \/><\/figure>\n<\/div>\n\n\n<p class=\"has-text-align-center has-text-color\" style=\"color:#162987\"><strong>LAVE LINGE PROLINE<\/strong><\/p>\n<\/div><\/div>\n<\/div><\/div>\n\n\n\n<p><\/p>\n<\/div>\n\n\n\n<div class=\"wp-block-column is-layout-flow wp-block-column-is-layout-flow\" style=\"flex-basis:30%\">\n<div class=\"wp-block-group\"><div class=\"wp-block-group__inner-container is-layout-flow wp-block-group-is-layout-flow\"><div class=\"wp-block-image\">\n<figure class=\"aligncenter size-large is-resized\"><img decoding=\"async\" src=\"https:\/\/ade-electromenager.fr\/site\/wp-content\/uploads\/2023\/01\/LAVANTE-SECHANTE-LG-2-1024x1024.jpg\" alt=\"\" class=\"wp-image-449\" width=\"277\" height=\"277\" srcset=\"https:\/\/ade-electromenager.fr\/site\/wp-content\/uploads\/2023\/01\/LAVANTE-SECHANTE-LG-2-66x66.jpg 66w, https:\/\/ade-electromenager.fr\/site\/wp-content\/uploads\/2023\/01\/LAVANTE-SECHANTE-LG-2-150x150.jpg 150w, https:\/\/ade-electromenager.fr\/site\/wp-content\/uploads\/2023\/01\/LAVANTE-SECHANTE-LG-2-200x200.jpg 200w, https:\/\/ade-electromenager.fr\/site\/wp-content\/uploads\/2023\/01\/LAVANTE-SECHANTE-LG-2-300x300.jpg 300w, https:\/\/ade-electromenager.fr\/site\/wp-content\/uploads\/2023\/01\/LAVANTE-SECHANTE-LG-2-400x400.jpg 400w, https:\/\/ade-electromenager.fr\/site\/wp-content\/uploads\/2023\/01\/LAVANTE-SECHANTE-LG-2-600x600.jpg 600w, https:\/\/ade-electromenager.fr\/site\/wp-content\/uploads\/2023\/01\/LAVANTE-SECHANTE-LG-2-768x768.jpg 768w, https:\/\/ade-electromenager.fr\/site\/wp-content\/uploads\/2023\/01\/LAVANTE-SECHANTE-LG-2-800x800.jpg 800w, https:\/\/ade-electromenager.fr\/site\/wp-content\/uploads\/2023\/01\/LAVANTE-SECHANTE-LG-2-1024x1024.jpg 1024w, https:\/\/ade-electromenager.fr\/site\/wp-content\/uploads\/2023\/01\/LAVANTE-SECHANTE-LG-2-1200x1200.jpg 1200w, https:\/\/ade-electromenager.fr\/site\/wp-content\/uploads\/2023\/01\/LAVANTE-SECHANTE-LG-2-1536x1536.jpg 1536w\" sizes=\"(max-width: 277px) 100vw, 277px\" \/><\/figure>\n<\/div>\n\n\n<p class=\"has-text-align-center has-text-color\" style=\"color:#162987\"><strong>LAVANTE SECHANTE LG<\/strong><\/p>\n<\/div><\/div>\n<\/div>\n\n\n\n<div class=\"wp-block-column is-layout-flow wp-block-column-is-layout-flow\" style=\"flex-basis:30%\"><div class=\"wp-block-image\">\n<figure class=\"aligncenter size-large is-resized\"><img decoding=\"async\" src=\"https:\/\/ade-electromenager.fr\/site\/wp-content\/uploads\/2023\/01\/FOUR-WHIRLPOOL-INOX-1024x1024.jpg\" alt=\"\" class=\"wp-image-450\" width=\"277\" height=\"277\" srcset=\"https:\/\/ade-electromenager.fr\/site\/wp-content\/uploads\/2023\/01\/FOUR-WHIRLPOOL-INOX-66x66.jpg 66w, https:\/\/ade-electromenager.fr\/site\/wp-content\/uploads\/2023\/01\/FOUR-WHIRLPOOL-INOX-150x150.jpg 150w, https:\/\/ade-electromenager.fr\/site\/wp-content\/uploads\/2023\/01\/FOUR-WHIRLPOOL-INOX-200x200.jpg 200w, https:\/\/ade-electromenager.fr\/site\/wp-content\/uploads\/2023\/01\/FOUR-WHIRLPOOL-INOX-300x300.jpg 300w, https:\/\/ade-electromenager.fr\/site\/wp-content\/uploads\/2023\/01\/FOUR-WHIRLPOOL-INOX-400x400.jpg 400w, https:\/\/ade-electromenager.fr\/site\/wp-content\/uploads\/2023\/01\/FOUR-WHIRLPOOL-INOX-600x600.jpg 600w, https:\/\/ade-electromenager.fr\/site\/wp-content\/uploads\/2023\/01\/FOUR-WHIRLPOOL-INOX-768x768.jpg 768w, https:\/\/ade-electromenager.fr\/site\/wp-content\/uploads\/2023\/01\/FOUR-WHIRLPOOL-INOX-800x800.jpg 800w, https:\/\/ade-electromenager.fr\/site\/wp-content\/uploads\/2023\/01\/FOUR-WHIRLPOOL-INOX-1024x1024.jpg 1024w, https:\/\/ade-electromenager.fr\/site\/wp-content\/uploads\/2023\/01\/FOUR-WHIRLPOOL-INOX-1200x1200.jpg 1200w, https:\/\/ade-electromenager.fr\/site\/wp-content\/uploads\/2023\/01\/FOUR-WHIRLPOOL-INOX-1536x1536.jpg 1536w\" sizes=\"(max-width: 277px) 100vw, 277px\" \/><\/figure>\n<\/div>\n\n\n<p class=\"has-text-align-center has-text-color\" style=\"color:#162987\"><strong>FOUR WHIRLPOOL INOX<\/strong><\/p>\n<\/div>\n\n\n\n<div class=\"wp-block-column is-layout-flow wp-block-column-is-layout-flow\" style=\"flex-basis:30%\">\n<div class=\"wp-block-group\"><div class=\"wp-block-group__inner-container is-layout-flow wp-block-group-is-layout-flow\">\n<div class=\"wp-block-group\"><div class=\"wp-block-group__inner-container is-layout-flow wp-block-group-is-layout-flow\"><div class=\"wp-block-image\">\n<figure class=\"aligncenter size-large is-resized\"><img decoding=\"async\" src=\"https:\/\/ade-electromenager.fr\/site\/wp-content\/uploads\/2023\/01\/CUISINIERE-BRANDT-2-1024x1024.jpg\" alt=\"\" class=\"wp-image-451\" width=\"277\" height=\"277\" srcset=\"https:\/\/ade-electromenager.fr\/site\/wp-content\/uploads\/2023\/01\/CUISINIERE-BRANDT-2-66x66.jpg 66w, https:\/\/ade-electromenager.fr\/site\/wp-content\/uploads\/2023\/01\/CUISINIERE-BRANDT-2-150x150.jpg 150w, https:\/\/ade-electromenager.fr\/site\/wp-content\/uploads\/2023\/01\/CUISINIERE-BRANDT-2-200x200.jpg 200w, https:\/\/ade-electromenager.fr\/site\/wp-content\/uploads\/2023\/01\/CUISINIERE-BRANDT-2-300x300.jpg 300w, https:\/\/ade-electromenager.fr\/site\/wp-content\/uploads\/2023\/01\/CUISINIERE-BRANDT-2-400x400.jpg 400w, https:\/\/ade-electromenager.fr\/site\/wp-content\/uploads\/2023\/01\/CUISINIERE-BRANDT-2-600x600.jpg 600w, https:\/\/ade-electromenager.fr\/site\/wp-content\/uploads\/2023\/01\/CUISINIERE-BRANDT-2-768x768.jpg 768w, https:\/\/ade-electromenager.fr\/site\/wp-content\/uploads\/2023\/01\/CUISINIERE-BRANDT-2-800x800.jpg 800w, https:\/\/ade-electromenager.fr\/site\/wp-content\/uploads\/2023\/01\/CUISINIERE-BRANDT-2-1024x1024.jpg 1024w, https:\/\/ade-electromenager.fr\/site\/wp-content\/uploads\/2023\/01\/CUISINIERE-BRANDT-2-1200x1200.jpg 1200w, https:\/\/ade-electromenager.fr\/site\/wp-content\/uploads\/2023\/01\/CUISINIERE-BRANDT-2-1536x1536.jpg 1536w\" sizes=\"(max-width: 277px) 100vw, 277px\" \/><\/figure>\n<\/div>\n\n\n<p class=\"has-text-align-center has-text-color\" style=\"color:#162987\"><strong>CUISINIERE BRANDT<\/strong><\/p>\n<\/div><\/div>\n<\/div><\/div>\n\n\n\n<p><\/p>\n<\/div>\n<\/div>\n<\/div><\/div>\n\n\n\n<div class=\"wp-block-group textebloc\"><div class=\"wp-block-group__inner-container is-layout-flow wp-block-group-is-layout-flow\">\n<div class=\"wp-block-columns is-layout-flex wp-container-core-columns-is-layout-9d6595d7 wp-block-columns-is-layout-flex\">\n<div class=\"wp-block-column is-layout-flow wp-block-column-is-layout-flow\">\n<figure class=\"wp-block-image size-full\"><img decoding=\"async\" width=\"680\" height=\"510\" src=\"https:\/\/ade-electromenager.fr\/site\/wp-content\/uploads\/2023\/01\/PHOTO-ATELIER-.jpg\" alt=\"\" class=\"wp-image-466\" srcset=\"https:\/\/ade-electromenager.fr\/site\/wp-content\/uploads\/2023\/01\/PHOTO-ATELIER--200x150.jpg 200w, https:\/\/ade-electromenager.fr\/site\/wp-content\/uploads\/2023\/01\/PHOTO-ATELIER--300x225.jpg 300w, https:\/\/ade-electromenager.fr\/site\/wp-content\/uploads\/2023\/01\/PHOTO-ATELIER--400x300.jpg 400w, https:\/\/ade-electromenager.fr\/site\/wp-content\/uploads\/2023\/01\/PHOTO-ATELIER--600x450.jpg 600w, https:\/\/ade-electromenager.fr\/site\/wp-content\/uploads\/2023\/01\/PHOTO-ATELIER-.jpg 680w\" sizes=\"(max-width: 680px) 100vw, 680px\" \/><\/figure>\n<\/div>\n\n\n\n<div class=\"wp-block-column bloccompetences is-layout-flow wp-block-column-is-layout-flow\">\n<div class=\"wp-block-group\"><div class=\"wp-block-group__inner-container is-layout-flow wp-block-group-is-layout-flow\">\n<h2 class=\"has-text-align-center titrejaune wp-block-heading\" id=\"competences\"><strong>De l&rsquo;\u00e9lectrom\u00e9nagers d&rsquo;occasion sur Brissac Loire Aubance (49)<\/strong><\/h2>\n\n\n\n<p>Tout type d&rsquo;appareils disponibles \u00e0 la vente. Vous trouverez de gros appareils \u00e9lectrom\u00e9nagers domestiques reconditionn\u00e9s au 14 Boulevard des Fontenelles, \u00e0 Brissac Loire Aubance. <\/p>\n\n\n\n<p>A.D.E vous conseillera pour trouver le meilleur appareil d&rsquo;occasion selon votre besoin et votre budget.<\/p>\n<\/div><\/div>\n\n\n\n<div class=\"wp-block-button bouton\"><a class=\"wp-block-button__link has-text-color has-background wp-element-button\" style=\"border-radius:46px;color:#fec91c;background-color:#162987\"><img decoding=\"async\" width=\"30\" height=\"21\" class=\"wp-image-37\" style=\"width: 30px;\" src=\"https:\/\/ade-electromenager.fr\/site\/wp-content\/uploads\/2020\/06\/contact-depaneur-electromenager-angers.png\" alt=\"contact-depaneur-electromenager-angers.png\" srcset=\"https:\/\/ade-electromenager.fr\/site\/wp-content\/uploads\/2020\/06\/contact-depaneur-electromenager-angers-200x139.png 200w, https:\/\/ade-electromenager.fr\/site\/wp-content\/uploads\/2020\/06\/contact-depaneur-electromenager-angers-300x209.png 300w, https:\/\/ade-electromenager.fr\/site\/wp-content\/uploads\/2020\/06\/contact-depaneur-electromenager-angers-400x279.png 400w, https:\/\/ade-electromenager.fr\/site\/wp-content\/uploads\/2020\/06\/contact-depaneur-electromenager-angers-600x418.png 600w, https:\/\/ade-electromenager.fr\/site\/wp-content\/uploads\/2020\/06\/contact-depaneur-electromenager-angers-768x535.png 768w, https:\/\/ade-electromenager.fr\/site\/wp-content\/uploads\/2020\/06\/contact-depaneur-electromenager-angers-800x558.png 800w, https:\/\/ade-electromenager.fr\/site\/wp-content\/uploads\/2020\/06\/contact-depaneur-electromenager-angers.png 839w\" sizes=\"(max-width: 30px) 100vw, 30px\" \/> Contactez-moi<\/a><\/div>\n\n\n\n<p><\/p>\n<\/div>\n<\/div>\n<\/div><\/div>\n\n\n\n<div class=\"wp-block-cover aligncenter is-light\" style=\"min-height:535px;aspect-ratio:unset;\"><span aria-hidden=\"true\" class=\"wp-block-cover__background has-background-dim-0 has-background-dim\"><\/span><img decoding=\"async\" width=\"1920\" height=\"650\" class=\"wp-block-cover__image-background wp-image-161\" alt=\"\" src=\"https:\/\/ade-electromenager.fr\/site\/wp-content\/uploads\/2020\/06\/depaneur-four-ade-brissac.jpg\" style=\"object-position:65% 54%\" data-object-fit=\"cover\" data-object-position=\"65% 54%\" srcset=\"https:\/\/ade-electromenager.fr\/site\/wp-content\/uploads\/2020\/06\/depaneur-four-ade-brissac-200x68.jpg 200w, https:\/\/ade-electromenager.fr\/site\/wp-content\/uploads\/2020\/06\/depaneur-four-ade-brissac-300x102.jpg 300w, https:\/\/ade-electromenager.fr\/site\/wp-content\/uploads\/2020\/06\/depaneur-four-ade-brissac-400x135.jpg 400w, https:\/\/ade-electromenager.fr\/site\/wp-content\/uploads\/2020\/06\/depaneur-four-ade-brissac-600x203.jpg 600w, https:\/\/ade-electromenager.fr\/site\/wp-content\/uploads\/2020\/06\/depaneur-four-ade-brissac-768x260.jpg 768w, https:\/\/ade-electromenager.fr\/site\/wp-content\/uploads\/2020\/06\/depaneur-four-ade-brissac-800x271.jpg 800w, https:\/\/ade-electromenager.fr\/site\/wp-content\/uploads\/2020\/06\/depaneur-four-ade-brissac-1024x347.jpg 1024w, https:\/\/ade-electromenager.fr\/site\/wp-content\/uploads\/2020\/06\/depaneur-four-ade-brissac-1200x406.jpg 1200w, https:\/\/ade-electromenager.fr\/site\/wp-content\/uploads\/2020\/06\/depaneur-four-ade-brissac-1536x520.jpg 1536w, https:\/\/ade-electromenager.fr\/site\/wp-content\/uploads\/2020\/06\/depaneur-four-ade-brissac.jpg 1920w\" sizes=\"(max-width: 1920px) 100vw, 1920px\" \/><div class=\"wp-block-cover__inner-container is-layout-flow wp-block-cover-is-layout-flow\">\n<div class=\"wp-block-group\"><div class=\"wp-block-group__inner-container is-layout-flow wp-block-group-is-layout-flow\">\n<h2 class=\"has-text-align-left panne has-text-color wp-block-heading\" style=\"color:#162987\">NE JETONS PLUS, R\u00c9PARONS !<\/h2>\n\n\n<div class=\"wp-block-image panne\">\n<figure class=\"alignleft size-large is-resized\"><a href=\"https:\/\/www.facebook.com\/ADE-Assistance-D\u00e9pannage-Electromenager-454037418066395\" target=\"_blank\" rel=\"noopener noreferrer\"><img decoding=\"async\" src=\"https:\/\/ade-electromenager.fr\/site\/wp-content\/uploads\/2020\/06\/facebook-depaneur-electromenager-angers_Plan-de-travail-1.png\" alt=\"\" class=\"wp-image-168\" width=\"60\" height=\"60\" srcset=\"https:\/\/ade-electromenager.fr\/site\/wp-content\/uploads\/2020\/06\/facebook-depaneur-electromenager-angers_Plan-de-travail-1-66x66.png 66w, https:\/\/ade-electromenager.fr\/site\/wp-content\/uploads\/2020\/06\/facebook-depaneur-electromenager-angers_Plan-de-travail-1-150x150.png 150w, https:\/\/ade-electromenager.fr\/site\/wp-content\/uploads\/2020\/06\/facebook-depaneur-electromenager-angers_Plan-de-travail-1-200x200.png 200w, https:\/\/ade-electromenager.fr\/site\/wp-content\/uploads\/2020\/06\/facebook-depaneur-electromenager-angers_Plan-de-travail-1-300x300.png 300w, https:\/\/ade-electromenager.fr\/site\/wp-content\/uploads\/2020\/06\/facebook-depaneur-electromenager-angers_Plan-de-travail-1-400x399.png 400w, https:\/\/ade-electromenager.fr\/site\/wp-content\/uploads\/2020\/06\/facebook-depaneur-electromenager-angers_Plan-de-travail-1.png 503w\" sizes=\"(max-width: 60px) 100vw, 60px\" \/><\/a><\/figure>\n<\/div>\n\n\n<p class=\"has-text-align-left panne has-text-color has-medium-font-size\" style=\"color:#162987\"><strong>Votre technicien<\/strong> ADE (49) est \u00e0 votre disposition pour vous conseiller.<br>Par t\u00e9l\u00e9phone ou sur les r\u00e9seaux sociaux posez-moi vos questions.<\/p>\n\n\n\n<div class=\"wp-block-columns is-layout-flex wp-container-core-columns-is-layout-9d6595d7 wp-block-columns-is-layout-flex\">\n<div class=\"wp-block-column facebook is-layout-flow wp-block-column-is-layout-flow\"><\/div>\n\n\n\n<div class=\"wp-block-column is-layout-flow wp-block-column-is-layout-flow\"><\/div>\n\n\n\n<div class=\"wp-block-column is-layout-flow wp-block-column-is-layout-flow\"><\/div>\n<\/div>\n<\/div><\/div>\n\n\n\n<p class=\"has-text-align-left panne has-text-color\" style=\"color:#162987\">\u00ab Dans 40% des cas, vous pouvez faire r\u00e9parer votre gros \u00e9lectrom\u00e9nager sans<br>qu\u2019il ne soit n\u00e9cessaire d\u2019acheter la moindre pi\u00e8ce d\u00e9tach\u00e9e. \u00bb<\/p>\n\n\n\n<p class=\"has-text-align-left panne has-text-color has-small-font-size\" style=\"color:#162987\"><strong><a href=\"https:\/\/www.ademe.fr\/sites\/default\/files\/assets\/documents\/85918_perception-du-sav-dans-gem.pdf\" target=\"_blank\" rel=\"noreferrer noopener\">\u00c9tude de 2012 de l\u2019ADEME<\/a>,<\/strong> l\u2019Agence de l&rsquo;environnement et de la ma\u00eetrise de l&rsquo;\u00e9nergie.<\/p>\n<\/div><\/div>\n\n\n\n<p id=\"contactmoi\"><\/p>\n","protected":false},"excerpt":{"rendered":"<p>VENTE D&rsquo;APPAREILS ELECTROMENAGER D&rsquo;OCCASIONS Vente d&rsquo;appareil \u00e9lectrom\u00e9nager sur Brissac Loire [&hellip;]<\/p>\n","protected":false},"author":1,"featured_media":0,"parent":0,"menu_order":0,"comment_status":"closed","ping_status":"closed","template":"","meta":{"footnotes":""},"class_list":["post-383","page","type-page","status-publish","hentry"],"_links":{"self":[{"href":"https:\/\/ade-electromenager.fr\/site\/wp-json\/wp\/v2\/pages\/383","targetHints":{"allow":["GET"]}}],"collection":[{"href":"https:\/\/ade-electromenager.fr\/site\/wp-json\/wp\/v2\/pages"}],"about":[{"href":"https:\/\/ade-electromenager.fr\/site\/wp-json\/wp\/v2\/types\/page"}],"author":[{"embeddable":true,"href":"https:\/\/ade-electromenager.fr\/site\/wp-json\/wp\/v2\/users\/1"}],"replies":[{"embeddable":true,"href":"https:\/\/ade-electromenager.fr\/site\/wp-json\/wp\/v2\/comments?post=383"}],"version-history":[{"count":12,"href":"https:\/\/ade-electromenager.fr\/site\/wp-json\/wp\/v2\/pages\/383\/revisions"}],"predecessor-version":[{"id":483,"href":"https:\/\/ade-electromenager.fr\/site\/wp-json\/wp\/v2\/pages\/383\/revisions\/483"}],"wp:attachment":[{"href":"https:\/\/ade-electromenager.fr\/site\/wp-json\/wp\/v2\/media?parent=383"}],"curies":[{"name":"wp","href":"https:\/\/api.w.org\/{rel}","templated":true}]}}