{"id":384,"date":"2023-01-31T17:41:53","date_gmt":"2023-01-31T16:41:53","guid":{"rendered":"http:\/\/ade-electromenager.fr\/site\/?page_id=384"},"modified":"2023-01-31T17:51:45","modified_gmt":"2023-01-31T16:51:45","slug":"nos-competences-en-reparation-electromenager","status":"publish","type":"page","link":"https:\/\/ade-electromenager.fr\/site\/nos-competences-en-reparation-electromenager\/","title":{"rendered":"Nos comp\u00e9tences en r\u00e9paration d&rsquo;\u00e9lectrom\u00e9nager"},"content":{"rendered":"\n<div class=\"wp-block-cover aligncenter is-light\" style=\"min-height:400px;aspect-ratio:unset;\"><span aria-hidden=\"true\" class=\"wp-block-cover__background has-background-dim-0 has-background-dim\"><\/span><img decoding=\"async\" width=\"1920\" height=\"650\" class=\"wp-block-cover__image-background wp-image-24\" alt=\"\" src=\"https:\/\/ade-electromenager.fr\/site\/wp-content\/uploads\/2020\/06\/depaneur-lave-linge-ade.jpg\" style=\"object-position:100% 0%\" data-object-fit=\"cover\" data-object-position=\"100% 0%\" srcset=\"https:\/\/ade-electromenager.fr\/site\/wp-content\/uploads\/2020\/06\/depaneur-lave-linge-ade-200x68.jpg 200w, https:\/\/ade-electromenager.fr\/site\/wp-content\/uploads\/2020\/06\/depaneur-lave-linge-ade-300x102.jpg 300w, https:\/\/ade-electromenager.fr\/site\/wp-content\/uploads\/2020\/06\/depaneur-lave-linge-ade-400x135.jpg 400w, https:\/\/ade-electromenager.fr\/site\/wp-content\/uploads\/2020\/06\/depaneur-lave-linge-ade-600x203.jpg 600w, https:\/\/ade-electromenager.fr\/site\/wp-content\/uploads\/2020\/06\/depaneur-lave-linge-ade-768x260.jpg 768w, https:\/\/ade-electromenager.fr\/site\/wp-content\/uploads\/2020\/06\/depaneur-lave-linge-ade-800x271.jpg 800w, https:\/\/ade-electromenager.fr\/site\/wp-content\/uploads\/2020\/06\/depaneur-lave-linge-ade-1024x347.jpg 1024w, https:\/\/ade-electromenager.fr\/site\/wp-content\/uploads\/2020\/06\/depaneur-lave-linge-ade-1200x406.jpg 1200w, https:\/\/ade-electromenager.fr\/site\/wp-content\/uploads\/2020\/06\/depaneur-lave-linge-ade-1536x520.jpg 1536w, https:\/\/ade-electromenager.fr\/site\/wp-content\/uploads\/2020\/06\/depaneur-lave-linge-ade.jpg 1920w\" sizes=\"(max-width: 1920px) 100vw, 1920px\" \/><div class=\"wp-block-cover__inner-container is-layout-flow wp-block-cover-is-layout-flow\">\n<div class=\"wp-block-group\"><div class=\"wp-block-group__inner-container is-layout-flow wp-block-group-is-layout-flow\">\n<h1 class=\"has-text-align-left panne has-text-color wp-block-heading\" style=\"color:#162987\">VOUS RECHERCHEZ UN DEPANNEUR ?<\/h1>\n\n\n\n<p class=\"has-text-align-left panne has-text-color has-medium-font-size\" style=\"color:#162987\">Marc de ADE (49) vous aide et vous conseille en r\u00e9alisant<br><strong>un pr\u00e9-diagnostic gratuit par t\u00e9l\u00e9phone.<\/strong><\/p>\n\n\n\n<p class=\"has-text-align-left panne has-text-color has-medium-font-size\" style=\"color:#162987\"><strong>Votre technicien intervient sous 24h \u00e0 48h<br><\/strong>\u00e0 votre domicile avec les pi\u00e8ces n\u00e9cessaires<br>\u00e0 la r\u00e9paration de votre \u00e9lectrom\u00e9nager.<\/p>\n<\/div><\/div>\n\n\n\n<div class=\"wp-block-buttons is-layout-flex wp-block-buttons-is-layout-flex\">\n<div class=\"wp-block-button bouton panne\"><a class=\"wp-block-button__link has-text-color has-background wp-element-button\" href=\"#contactmoi\" style=\"border-radius:46px;color:#fec91c;background-color:#162987\"><img decoding=\"async\" width=\"30\" height=\"21\" class=\"wp-image-37\" style=\"width: 30px;\" src=\"https:\/\/ade-electromenager.fr\/site\/wp-content\/uploads\/2020\/06\/contact-depaneur-electromenager-angers.png\" alt=\"contact-depaneur-electromenager-angers.png\" srcset=\"https:\/\/ade-electromenager.fr\/site\/wp-content\/uploads\/2020\/06\/contact-depaneur-electromenager-angers-200x139.png 200w, https:\/\/ade-electromenager.fr\/site\/wp-content\/uploads\/2020\/06\/contact-depaneur-electromenager-angers-300x209.png 300w, https:\/\/ade-electromenager.fr\/site\/wp-content\/uploads\/2020\/06\/contact-depaneur-electromenager-angers-400x279.png 400w, https:\/\/ade-electromenager.fr\/site\/wp-content\/uploads\/2020\/06\/contact-depaneur-electromenager-angers-600x418.png 600w, https:\/\/ade-electromenager.fr\/site\/wp-content\/uploads\/2020\/06\/contact-depaneur-electromenager-angers-768x535.png 768w, https:\/\/ade-electromenager.fr\/site\/wp-content\/uploads\/2020\/06\/contact-depaneur-electromenager-angers-800x558.png 800w, https:\/\/ade-electromenager.fr\/site\/wp-content\/uploads\/2020\/06\/contact-depaneur-electromenager-angers.png 839w\" sizes=\"(max-width: 30px) 100vw, 30px\" \/> Contactez-moi<\/a><\/div>\n<\/div>\n\n\n\n<p><\/p>\n<\/div><\/div>\n\n\n\n<p><\/p>\n\n\n\n<div class=\"wp-block-columns is-layout-flex wp-container-core-columns-is-layout-9d6595d7 wp-block-columns-is-layout-flex\">\n<div class=\"wp-block-column is-layout-flow wp-block-column-is-layout-flow\">\n<pre class=\"wp-block-code vide\"><code><\/code><\/pre>\n<\/div>\n\n\n\n<div class=\"wp-block-column is-layout-flow wp-block-column-is-layout-flow\">\n<h2 class=\"has-text-align-center titrejaune titreservice wp-block-heading\" id=\"services\">A.D.E<br>Assistance D\u00e9pannage Electrom\u00e9nager<\/h2>\n<\/div>\n\n\n\n<div class=\"wp-block-column is-layout-flow wp-block-column-is-layout-flow\"><\/div>\n<\/div>\n\n\n\n<div class=\"wp-block-group depannage colonnejaune has-background\" style=\"background-color:#fec91c\"><div class=\"wp-block-group__inner-container is-layout-flow wp-block-group-is-layout-flow\">\n<div class=\"wp-block-group fondblanc has-background\" style=\"background-color:#ffffff\"><div class=\"wp-block-group__inner-container is-layout-flow wp-block-group-is-layout-flow\">\n<h3 class=\"has-text-align-center wp-block-heading\">Un d\u00e9panneur en \u00e9lectrom\u00e9nager en Maine-et-Loire (49)<\/h3>\n\n\n\n<p>A.D.E signifie Assistance D\u00e9pannage Electrom\u00e9nager cr\u00e9e par Marc Saillant en 2008. Ayant d\u00e9marrer en 1992 \u00e0 l&rsquo;AFPA (centre de formation)\u00e0 Angers dans le milieu de l&rsquo;\u00e9lectrom\u00e9nager apr\u00e8s avoir effectuer un BEP CAP \u00e9lectronique, j&rsquo;ai travaill\u00e9 dans plusieurs entreprises comme PULSAT AVM DEPANNAGE DARTY.<br>Avec mes 30 ans d&rsquo;exp\u00e9riences dans le milieu de l&rsquo;\u00e9lectrom\u00e9nager, je g\u00e8re mon entreprise de A \u00e0 Z pour satisfaire mes clients( + de 4000 \u00e0 ce jour)dans le d\u00e9pannage et la vente d&rsquo;appareils neuf et d&rsquo;occasion.<br>A.D.E se d\u00e9veloppe en faisant une nouvelle activit\u00e9 qui est la vente d&rsquo;appareils d&rsquo;occasion et reconditionn\u00e9 depuis septembre 2022 avec une garantie de 6 mois.<\/p>\n\n\n\n<h3 class=\"has-text-align-center wp-block-heading\">LAVE-VAISSELLE &#8211; LAVE-LINGE &#8211; S\u00c8CHE-LINGE &#8211; FOUR &#8211; R\u00c9FRIG\u00c9RATEUR &#8211; PLAQUE A INDUCTION OU GAZ &#8230;<\/h3>\n<\/div><\/div>\n\n\n\n<div style=\"height:30px\" aria-hidden=\"true\" class=\"wp-block-spacer\"><\/div>\n<\/div><\/div>\n\n\n\n<div class=\"wp-block-group\"><div class=\"wp-block-group__inner-container is-layout-flow wp-block-group-is-layout-flow\">\n<div class=\"wp-block-columns is-layout-flex wp-container-core-columns-is-layout-9d6595d7 wp-block-columns-is-layout-flex\">\n<div class=\"wp-block-column is-layout-flow wp-block-column-is-layout-flow\">\n<figure class=\"wp-block-image size-large\"><img decoding=\"async\" width=\"1000\" height=\"1000\" src=\"https:\/\/ade-electromenager.fr\/site\/wp-content\/uploads\/2020\/06\/depannage-brissac-lave-linge-ADE.jpg\" alt=\"\" class=\"wp-image-193\" srcset=\"https:\/\/ade-electromenager.fr\/site\/wp-content\/uploads\/2020\/06\/depannage-brissac-lave-linge-ADE-66x66.jpg 66w, https:\/\/ade-electromenager.fr\/site\/wp-content\/uploads\/2020\/06\/depannage-brissac-lave-linge-ADE-150x150.jpg 150w, https:\/\/ade-electromenager.fr\/site\/wp-content\/uploads\/2020\/06\/depannage-brissac-lave-linge-ADE-200x200.jpg 200w, https:\/\/ade-electromenager.fr\/site\/wp-content\/uploads\/2020\/06\/depannage-brissac-lave-linge-ADE-300x300.jpg 300w, https:\/\/ade-electromenager.fr\/site\/wp-content\/uploads\/2020\/06\/depannage-brissac-lave-linge-ADE-400x400.jpg 400w, https:\/\/ade-electromenager.fr\/site\/wp-content\/uploads\/2020\/06\/depannage-brissac-lave-linge-ADE-600x600.jpg 600w, https:\/\/ade-electromenager.fr\/site\/wp-content\/uploads\/2020\/06\/depannage-brissac-lave-linge-ADE-768x768.jpg 768w, https:\/\/ade-electromenager.fr\/site\/wp-content\/uploads\/2020\/06\/depannage-brissac-lave-linge-ADE-800x800.jpg 800w, https:\/\/ade-electromenager.fr\/site\/wp-content\/uploads\/2020\/06\/depannage-brissac-lave-linge-ADE.jpg 1000w\" sizes=\"(max-width: 1000px) 100vw, 1000px\" \/><\/figure>\n<\/div>\n\n\n\n<div class=\"wp-block-column bloccompetences is-layout-flow wp-block-column-is-layout-flow\">\n<div class=\"wp-block-group\"><div class=\"wp-block-group__inner-container is-layout-flow wp-block-group-is-layout-flow\">\n<h2 class=\"has-text-align-center titrejaune\" id=\"competences\">NOS COMP\u00c9TENCES EN REPARATION D&rsquo;ELECTROMENAGER<\/h2>\n\n\n\n<h3 class=\"wp-block-heading\"><strong>Faites confiance \u00e0 votre d\u00e9panneur d\u2019\u00e9lectrom\u00e9nagers ADE de Brissac-Quinc\u00e9<\/strong><\/h3>\n\n\n\n<p>D\u00eeplom\u00e9 et fort de mes 28 ans d\u2019exp\u00e8riences en tant que technicien d\u00e9panneur, je poss\u00e8de un savoir-faire confirm\u00e9 et une grande connaissance dans le syst\u00e8me d\u2019\u00e9lectrom\u00e9nager. <\/p>\n\n\n\n<p>J\u2019interviens sur tous les gros appareils de toutes les marques pour le diagnostic, le d\u00e9pannage et l\u2019entretien.<\/p>\n\n\n\n<p>Je r\u00e9alise toutes les r\u00e9parations, les r\u00e9glages, les tests n\u00e9cessaires et la mise en service de nouveaux \u00e9quipements.<\/p>\n\n\n\n<p>Que ce soit pour une fuite, un dysfonctionnement, une panne, je vous garanti des interventions de qualit\u00e9 sous 24h \u00e0 48h.<\/p>\n<\/div><\/div>\n\n\n\n<div class=\"wp-block-button bouton\"><a class=\"wp-block-button__link has-text-color has-background wp-element-button\" style=\"border-radius:46px;color:#fec91c;background-color:#162987\"><img decoding=\"async\" width=\"30\" height=\"21\" class=\"wp-image-37\" style=\"width: 30px;\" src=\"https:\/\/ade-electromenager.fr\/site\/wp-content\/uploads\/2020\/06\/contact-depaneur-electromenager-angers.png\" alt=\"contact-depaneur-electromenager-angers.png\" srcset=\"https:\/\/ade-electromenager.fr\/site\/wp-content\/uploads\/2020\/06\/contact-depaneur-electromenager-angers-200x139.png 200w, https:\/\/ade-electromenager.fr\/site\/wp-content\/uploads\/2020\/06\/contact-depaneur-electromenager-angers-300x209.png 300w, https:\/\/ade-electromenager.fr\/site\/wp-content\/uploads\/2020\/06\/contact-depaneur-electromenager-angers-400x279.png 400w, https:\/\/ade-electromenager.fr\/site\/wp-content\/uploads\/2020\/06\/contact-depaneur-electromenager-angers-600x418.png 600w, https:\/\/ade-electromenager.fr\/site\/wp-content\/uploads\/2020\/06\/contact-depaneur-electromenager-angers-768x535.png 768w, https:\/\/ade-electromenager.fr\/site\/wp-content\/uploads\/2020\/06\/contact-depaneur-electromenager-angers-800x558.png 800w, https:\/\/ade-electromenager.fr\/site\/wp-content\/uploads\/2020\/06\/contact-depaneur-electromenager-angers.png 839w\" sizes=\"(max-width: 30px) 100vw, 30px\" \/> Contactez-moi<\/a><\/div>\n\n\n\n<p><\/p>\n<\/div>\n<\/div>\n<\/div><\/div>\n\n\n\n<div class=\"wp-block-cover aligncenter is-light\" style=\"min-height:535px;aspect-ratio:unset;\"><span aria-hidden=\"true\" class=\"wp-block-cover__background has-background-dim-0 has-background-dim\"><\/span><img decoding=\"async\" width=\"1920\" height=\"650\" class=\"wp-block-cover__image-background wp-image-161\" alt=\"\" src=\"https:\/\/ade-electromenager.fr\/site\/wp-content\/uploads\/2020\/06\/depaneur-four-ade-brissac.jpg\" style=\"object-position:65% 54%\" data-object-fit=\"cover\" data-object-position=\"65% 54%\" srcset=\"https:\/\/ade-electromenager.fr\/site\/wp-content\/uploads\/2020\/06\/depaneur-four-ade-brissac-200x68.jpg 200w, https:\/\/ade-electromenager.fr\/site\/wp-content\/uploads\/2020\/06\/depaneur-four-ade-brissac-300x102.jpg 300w, https:\/\/ade-electromenager.fr\/site\/wp-content\/uploads\/2020\/06\/depaneur-four-ade-brissac-400x135.jpg 400w, https:\/\/ade-electromenager.fr\/site\/wp-content\/uploads\/2020\/06\/depaneur-four-ade-brissac-600x203.jpg 600w, https:\/\/ade-electromenager.fr\/site\/wp-content\/uploads\/2020\/06\/depaneur-four-ade-brissac-768x260.jpg 768w, https:\/\/ade-electromenager.fr\/site\/wp-content\/uploads\/2020\/06\/depaneur-four-ade-brissac-800x271.jpg 800w, https:\/\/ade-electromenager.fr\/site\/wp-content\/uploads\/2020\/06\/depaneur-four-ade-brissac-1024x347.jpg 1024w, https:\/\/ade-electromenager.fr\/site\/wp-content\/uploads\/2020\/06\/depaneur-four-ade-brissac-1200x406.jpg 1200w, https:\/\/ade-electromenager.fr\/site\/wp-content\/uploads\/2020\/06\/depaneur-four-ade-brissac-1536x520.jpg 1536w, https:\/\/ade-electromenager.fr\/site\/wp-content\/uploads\/2020\/06\/depaneur-four-ade-brissac.jpg 1920w\" sizes=\"(max-width: 1920px) 100vw, 1920px\" \/><div class=\"wp-block-cover__inner-container is-layout-flow wp-block-cover-is-layout-flow\">\n<div class=\"wp-block-group\"><div class=\"wp-block-group__inner-container is-layout-flow wp-block-group-is-layout-flow\">\n<h2 class=\"has-text-align-left panne has-text-color wp-block-heading\" style=\"color:#162987\">NE JETONS PLUS, R\u00c9PARONS !<\/h2>\n\n\n<div class=\"wp-block-image panne\">\n<figure class=\"alignleft size-large is-resized\"><a href=\"https:\/\/www.facebook.com\/ADE-Assistance-D\u00e9pannage-Electromenager-454037418066395\" target=\"_blank\" rel=\"noopener noreferrer\"><img decoding=\"async\" src=\"https:\/\/ade-electromenager.fr\/site\/wp-content\/uploads\/2020\/06\/facebook-depaneur-electromenager-angers_Plan-de-travail-1.png\" alt=\"\" class=\"wp-image-168\" width=\"60\" height=\"60\" srcset=\"https:\/\/ade-electromenager.fr\/site\/wp-content\/uploads\/2020\/06\/facebook-depaneur-electromenager-angers_Plan-de-travail-1-66x66.png 66w, https:\/\/ade-electromenager.fr\/site\/wp-content\/uploads\/2020\/06\/facebook-depaneur-electromenager-angers_Plan-de-travail-1-150x150.png 150w, https:\/\/ade-electromenager.fr\/site\/wp-content\/uploads\/2020\/06\/facebook-depaneur-electromenager-angers_Plan-de-travail-1-200x200.png 200w, https:\/\/ade-electromenager.fr\/site\/wp-content\/uploads\/2020\/06\/facebook-depaneur-electromenager-angers_Plan-de-travail-1-300x300.png 300w, https:\/\/ade-electromenager.fr\/site\/wp-content\/uploads\/2020\/06\/facebook-depaneur-electromenager-angers_Plan-de-travail-1-400x399.png 400w, https:\/\/ade-electromenager.fr\/site\/wp-content\/uploads\/2020\/06\/facebook-depaneur-electromenager-angers_Plan-de-travail-1.png 503w\" sizes=\"(max-width: 60px) 100vw, 60px\" \/><\/a><\/figure>\n<\/div>\n\n\n<p class=\"has-text-align-left panne has-text-color has-medium-font-size\" style=\"color:#162987\"><strong>Votre technicien<\/strong> ADE (49) est \u00e0 votre disposition pour vous conseiller.<br>Par t\u00e9l\u00e9phone ou sur les r\u00e9seaux sociaux posez-moi vos questions.<\/p>\n\n\n\n<div class=\"wp-block-columns is-layout-flex wp-container-core-columns-is-layout-9d6595d7 wp-block-columns-is-layout-flex\">\n<div class=\"wp-block-column facebook is-layout-flow wp-block-column-is-layout-flow\"><\/div>\n\n\n\n<div class=\"wp-block-column is-layout-flow wp-block-column-is-layout-flow\"><\/div>\n\n\n\n<div class=\"wp-block-column is-layout-flow wp-block-column-is-layout-flow\"><\/div>\n<\/div>\n<\/div><\/div>\n\n\n\n<p class=\"has-text-align-left panne has-text-color\" style=\"color:#162987\">\u00ab Dans 40% des cas, vous pouvez faire r\u00e9parer votre gros \u00e9lectrom\u00e9nager sans<br>qu\u2019il ne soit n\u00e9cessaire d\u2019acheter la moindre pi\u00e8ce d\u00e9tach\u00e9e. \u00bb<\/p>\n\n\n\n<p class=\"has-text-align-left panne has-text-color has-small-font-size\" style=\"color:#162987\"><strong><a href=\"https:\/\/www.ademe.fr\/sites\/default\/files\/assets\/documents\/85918_perception-du-sav-dans-gem.pdf\" target=\"_blank\" rel=\"noreferrer noopener\">\u00c9tude de 2012 de l\u2019ADEME<\/a>,<\/strong> l\u2019Agence de l&rsquo;environnement et de la ma\u00eetrise de l&rsquo;\u00e9nergie.<\/p>\n<\/div><\/div>\n\n\n\n<p id=\"contactmoi\"><\/p>\n","protected":false},"excerpt":{"rendered":"<p>A.D.EAssistance D\u00e9pannage Electrom\u00e9nager Un d\u00e9panneur en \u00e9lectrom\u00e9nager en Maine-et-Loire (49) [&hellip;]<\/p>\n","protected":false},"author":1,"featured_media":0,"parent":0,"menu_order":0,"comment_status":"closed","ping_status":"closed","template":"","meta":{"footnotes":""},"class_list":["post-384","page","type-page","status-publish","hentry"],"_links":{"self":[{"href":"https:\/\/ade-electromenager.fr\/site\/wp-json\/wp\/v2\/pages\/384","targetHints":{"allow":["GET"]}}],"collection":[{"href":"https:\/\/ade-electromenager.fr\/site\/wp-json\/wp\/v2\/pages"}],"about":[{"href":"https:\/\/ade-electromenager.fr\/site\/wp-json\/wp\/v2\/types\/page"}],"author":[{"embeddable":true,"href":"https:\/\/ade-electromenager.fr\/site\/wp-json\/wp\/v2\/users\/1"}],"replies":[{"embeddable":true,"href":"https:\/\/ade-electromenager.fr\/site\/wp-json\/wp\/v2\/comments?post=384"}],"version-history":[{"count":8,"href":"https:\/\/ade-electromenager.fr\/site\/wp-json\/wp\/v2\/pages\/384\/revisions"}],"predecessor-version":[{"id":481,"href":"https:\/\/ade-electromenager.fr\/site\/wp-json\/wp\/v2\/pages\/384\/revisions\/481"}],"wp:attachment":[{"href":"https:\/\/ade-electromenager.fr\/site\/wp-json\/wp\/v2\/media?parent=384"}],"curies":[{"name":"wp","href":"https:\/\/api.w.org\/{rel}","templated":true}]}}