{"id":474,"date":"2023-01-31T19:08:18","date_gmt":"2023-01-31T18:08:18","guid":{"rendered":"https:\/\/ade-electromenager.fr\/site\/?page_id=474"},"modified":"2023-01-31T19:13:31","modified_gmt":"2023-01-31T18:13:31","slug":"contact-depanneur-electromenager","status":"publish","type":"page","link":"https:\/\/ade-electromenager.fr\/site\/contact-depanneur-electromenager\/","title":{"rendered":"Contactez A.D.E, votre d\u00e9panneur \u00e9lectrom\u00e9nager"},"content":{"rendered":"\n<div class=\"wp-block-cover aligncenter is-light\" style=\"min-height:400px;aspect-ratio:unset;\"><span aria-hidden=\"true\" class=\"wp-block-cover__background has-background-dim-0 has-background-dim\"><\/span><img decoding=\"async\" width=\"1920\" height=\"650\" class=\"wp-block-cover__image-background wp-image-24\" alt=\"\" src=\"https:\/\/ade-electromenager.fr\/site\/wp-content\/uploads\/2020\/06\/depaneur-lave-linge-ade.jpg\" style=\"object-position:100% 0%\" data-object-fit=\"cover\" data-object-position=\"100% 0%\" srcset=\"https:\/\/ade-electromenager.fr\/site\/wp-content\/uploads\/2020\/06\/depaneur-lave-linge-ade-200x68.jpg 200w, https:\/\/ade-electromenager.fr\/site\/wp-content\/uploads\/2020\/06\/depaneur-lave-linge-ade-300x102.jpg 300w, https:\/\/ade-electromenager.fr\/site\/wp-content\/uploads\/2020\/06\/depaneur-lave-linge-ade-400x135.jpg 400w, https:\/\/ade-electromenager.fr\/site\/wp-content\/uploads\/2020\/06\/depaneur-lave-linge-ade-600x203.jpg 600w, https:\/\/ade-electromenager.fr\/site\/wp-content\/uploads\/2020\/06\/depaneur-lave-linge-ade-768x260.jpg 768w, https:\/\/ade-electromenager.fr\/site\/wp-content\/uploads\/2020\/06\/depaneur-lave-linge-ade-800x271.jpg 800w, https:\/\/ade-electromenager.fr\/site\/wp-content\/uploads\/2020\/06\/depaneur-lave-linge-ade-1024x347.jpg 1024w, https:\/\/ade-electromenager.fr\/site\/wp-content\/uploads\/2020\/06\/depaneur-lave-linge-ade-1200x406.jpg 1200w, https:\/\/ade-electromenager.fr\/site\/wp-content\/uploads\/2020\/06\/depaneur-lave-linge-ade-1536x520.jpg 1536w, https:\/\/ade-electromenager.fr\/site\/wp-content\/uploads\/2020\/06\/depaneur-lave-linge-ade.jpg 1920w\" sizes=\"(max-width: 1920px) 100vw, 1920px\" \/><div class=\"wp-block-cover__inner-container is-layout-flow wp-block-cover-is-layout-flow\">\n<div class=\"wp-block-group\"><div class=\"wp-block-group__inner-container is-layout-flow wp-block-group-is-layout-flow\">\n<h1 class=\"has-text-align-left panne has-text-color wp-block-heading\" style=\"color:#162987\"><strong>Pour tout d\u00e9pannage ou r\u00e9paration d&rsquo;\u00e9lectrom\u00e9nager,<\/strong><\/h1>\n\n\n\n<p class=\"has-text-align-left panne has-text-color has-medium-font-size\" style=\"color:#162987\">Marc de ADE (49) vous aide et vous conseille en r\u00e9alisant<br><strong>un pr\u00e9-diagnostic gratuit par t\u00e9l\u00e9phone.<\/strong><\/p>\n\n\n\n<p class=\"has-text-align-left panne has-text-color has-medium-font-size\" style=\"color:#162987\"><strong>Votre technicien intervient sous 24h \u00e0 48h<br><\/strong>\u00e0 votre domicile avec les pi\u00e8ces n\u00e9cessaires<br>\u00e0 la r\u00e9paration de votre \u00e9lectrom\u00e9nager.<\/p>\n<\/div><\/div>\n\n\n\n<p><\/p>\n<\/div><\/div>\n\n\n\n<p><\/p>\n\n\n\n<p id=\"contactmoi\"><\/p>\n","protected":false},"excerpt":{"rendered":"","protected":false},"author":1,"featured_media":0,"parent":0,"menu_order":0,"comment_status":"closed","ping_status":"closed","template":"","meta":{"footnotes":""},"class_list":["post-474","page","type-page","status-publish","hentry"],"_links":{"self":[{"href":"https:\/\/ade-electromenager.fr\/site\/wp-json\/wp\/v2\/pages\/474","targetHints":{"allow":["GET"]}}],"collection":[{"href":"https:\/\/ade-electromenager.fr\/site\/wp-json\/wp\/v2\/pages"}],"about":[{"href":"https:\/\/ade-electromenager.fr\/site\/wp-json\/wp\/v2\/types\/page"}],"author":[{"embeddable":true,"href":"https:\/\/ade-electromenager.fr\/site\/wp-json\/wp\/v2\/users\/1"}],"replies":[{"embeddable":true,"href":"https:\/\/ade-electromenager.fr\/site\/wp-json\/wp\/v2\/comments?post=474"}],"version-history":[{"count":2,"href":"https:\/\/ade-electromenager.fr\/site\/wp-json\/wp\/v2\/pages\/474\/revisions"}],"predecessor-version":[{"id":484,"href":"https:\/\/ade-electromenager.fr\/site\/wp-json\/wp\/v2\/pages\/474\/revisions\/484"}],"wp:attachment":[{"href":"https:\/\/ade-electromenager.fr\/site\/wp-json\/wp\/v2\/media?parent=474"}],"curies":[{"name":"wp","href":"https:\/\/api.w.org\/{rel}","templated":true}]}}